{"id":10,"date":"2023-05-08T11:02:11","date_gmt":"2023-05-08T15:02:11","guid":{"rendered":"https:\/\/0957120.cpsw-fcsei.com\/tp2\/wordpress\/?page_id=10"},"modified":"2023-05-08T14:12:48","modified_gmt":"2023-05-08T18:12:48","slug":"voyages","status":"publish","type":"page","link":"https:\/\/0957120.cpsw-fcsei.com\/tp2\/wordpress\/voyages\/","title":{"rendered":"Voyages"},"content":{"rendered":"\n<div class=\"wp-block-query is-layout-flow wp-block-query-is-layout-flow\"><ul class=\"is-flex-container columns-2 wp-block-post-template is-layout-flow wp-block-post-template-is-layout-flow\"><li class=\"wp-block-post post-62 post type-post status-publish format-standard has-post-thumbnail hentry category-voyage\">\n<figure class=\"wp-block-post-featured-image\"><a href=\"https:\/\/0957120.cpsw-fcsei.com\/tp2\/wordpress\/2023\/05\/08\/himalaya-nepalais\/\" target=\"_self\"  ><img loading=\"lazy\" decoding=\"async\" width=\"2560\" height=\"1707\" src=\"https:\/\/0957120.cpsw-fcsei.com\/tp2\/wordpress\/wp-content\/uploads\/2023\/05\/pexels-pixabay-533667-scaled.jpg\" class=\"attachment-post-thumbnail size-post-thumbnail wp-post-image\" alt=\"Himalaya n\u00e9palais\" style=\"object-fit:cover;\" srcset=\"https:\/\/0957120.cpsw-fcsei.com\/tp2\/wordpress\/wp-content\/uploads\/2023\/05\/pexels-pixabay-533667-scaled.jpg 2560w, https:\/\/0957120.cpsw-fcsei.com\/tp2\/wordpress\/wp-content\/uploads\/2023\/05\/pexels-pixabay-533667-300x200.jpg 300w, https:\/\/0957120.cpsw-fcsei.com\/tp2\/wordpress\/wp-content\/uploads\/2023\/05\/pexels-pixabay-533667-1024x683.jpg 1024w, https:\/\/0957120.cpsw-fcsei.com\/tp2\/wordpress\/wp-content\/uploads\/2023\/05\/pexels-pixabay-533667-768x512.jpg 768w, https:\/\/0957120.cpsw-fcsei.com\/tp2\/wordpress\/wp-content\/uploads\/2023\/05\/pexels-pixabay-533667-1536x1024.jpg 1536w, https:\/\/0957120.cpsw-fcsei.com\/tp2\/wordpress\/wp-content\/uploads\/2023\/05\/pexels-pixabay-533667-2048x1365.jpg 2048w\" sizes=\"auto, (max-width: 2560px) 100vw, 2560px\" \/><\/a><\/figure>\n\n<h2 class=\"wp-block-post-title\"><a href=\"https:\/\/0957120.cpsw-fcsei.com\/tp2\/wordpress\/2023\/05\/08\/himalaya-nepalais\/\" target=\"_self\" >Himalaya n\u00e9palais<\/a><\/h2>\n\n<div class=\"wp-block-post-date\"><time datetime=\"2023-05-08T14:07:44-04:00\">8 mai 2023<\/time><\/div>\n\n<div class=\"wp-block-post-excerpt\"><p class=\"wp-block-post-excerpt__excerpt\">L&rsquo;Himalaya n\u00e9palais est une cha\u00eene de montagnes situ\u00e9e dans la r\u00e9gion de l&rsquo;Himalaya, dans le nord du N\u00e9pal. Cette r\u00e9gion est c\u00e9l\u00e8bre pour abriter les plus hautes montagnes du monde, dont le c\u00e9l\u00e8bre mont Everest qui culmine \u00e0 8 848 m\u00e8tres d&rsquo;altitude.<\/p><p class=\"wp-block-post-excerpt__more-text\"><a class=\"wp-block-post-excerpt__more-link\" href=\"https:\/\/0957120.cpsw-fcsei.com\/tp2\/wordpress\/2023\/05\/08\/himalaya-nepalais\/\">Voir plus [+]<\/a><\/p><\/div>\n<\/li><li class=\"wp-block-post post-56 post type-post status-publish format-standard has-post-thumbnail hentry category-voyage\">\n<figure class=\"wp-block-post-featured-image\"><a href=\"https:\/\/0957120.cpsw-fcsei.com\/tp2\/wordpress\/2023\/05\/08\/alpes-suisses-et-francaises\/\" target=\"_self\"  ><img loading=\"lazy\" decoding=\"async\" width=\"1707\" height=\"2560\" src=\"https:\/\/0957120.cpsw-fcsei.com\/tp2\/wordpress\/wp-content\/uploads\/2023\/05\/pexels-guillaume-niclet-15709722-scaled.jpg\" class=\"attachment-post-thumbnail size-post-thumbnail wp-post-image\" alt=\"Alpes suisses et fran\u00e7aises\" style=\"object-fit:cover;\" srcset=\"https:\/\/0957120.cpsw-fcsei.com\/tp2\/wordpress\/wp-content\/uploads\/2023\/05\/pexels-guillaume-niclet-15709722-scaled.jpg 1707w, https:\/\/0957120.cpsw-fcsei.com\/tp2\/wordpress\/wp-content\/uploads\/2023\/05\/pexels-guillaume-niclet-15709722-200x300.jpg 200w, https:\/\/0957120.cpsw-fcsei.com\/tp2\/wordpress\/wp-content\/uploads\/2023\/05\/pexels-guillaume-niclet-15709722-683x1024.jpg 683w, https:\/\/0957120.cpsw-fcsei.com\/tp2\/wordpress\/wp-content\/uploads\/2023\/05\/pexels-guillaume-niclet-15709722-768x1152.jpg 768w, https:\/\/0957120.cpsw-fcsei.com\/tp2\/wordpress\/wp-content\/uploads\/2023\/05\/pexels-guillaume-niclet-15709722-1024x1536.jpg 1024w, https:\/\/0957120.cpsw-fcsei.com\/tp2\/wordpress\/wp-content\/uploads\/2023\/05\/pexels-guillaume-niclet-15709722-1365x2048.jpg 1365w\" sizes=\"auto, (max-width: 1707px) 100vw, 1707px\" \/><\/a><\/figure>\n\n<h2 class=\"wp-block-post-title\"><a href=\"https:\/\/0957120.cpsw-fcsei.com\/tp2\/wordpress\/2023\/05\/08\/alpes-suisses-et-francaises\/\" target=\"_self\" >Alpes suisses et fran\u00e7aises<\/a><\/h2>\n\n<div class=\"wp-block-post-date\"><time datetime=\"2023-05-08T13:43:00-04:00\">8 mai 2023<\/time><\/div>\n\n<div class=\"wp-block-post-excerpt\"><p class=\"wp-block-post-excerpt__excerpt\">Les Alpes suisses et fran\u00e7aises sont une cha\u00eene de montagnes situ\u00e9e dans le centre de l&rsquo;Europe, s&rsquo;\u00e9tendant sur plus de 1 200 km. Les Alpes suisses sont situ\u00e9es principalement en Suisse, tandis que les Alpes fran\u00e7aises s&rsquo;\u00e9tendent sur la fronti\u00e8re entre la France et l&rsquo;Italie.<\/p><p class=\"wp-block-post-excerpt__more-text\"><a class=\"wp-block-post-excerpt__more-link\" href=\"https:\/\/0957120.cpsw-fcsei.com\/tp2\/wordpress\/2023\/05\/08\/alpes-suisses-et-francaises\/\">Voir plus [+]<\/a><\/p><\/div>\n<\/li><li class=\"wp-block-post post-51 post type-post status-publish format-standard has-post-thumbnail hentry category-voyage\">\n<figure class=\"wp-block-post-featured-image\"><a href=\"https:\/\/0957120.cpsw-fcsei.com\/tp2\/wordpress\/2023\/05\/08\/rocheuses-canadiennes\/\" target=\"_self\"  ><img loading=\"lazy\" decoding=\"async\" width=\"2560\" height=\"1920\" src=\"https:\/\/0957120.cpsw-fcsei.com\/tp2\/wordpress\/wp-content\/uploads\/2023\/05\/pexels-rasik-1416900-scaled.jpg\" class=\"attachment-post-thumbnail size-post-thumbnail wp-post-image\" alt=\"Rocheuses canadiennes\" style=\"object-fit:cover;\" srcset=\"https:\/\/0957120.cpsw-fcsei.com\/tp2\/wordpress\/wp-content\/uploads\/2023\/05\/pexels-rasik-1416900-scaled.jpg 2560w, https:\/\/0957120.cpsw-fcsei.com\/tp2\/wordpress\/wp-content\/uploads\/2023\/05\/pexels-rasik-1416900-300x225.jpg 300w, https:\/\/0957120.cpsw-fcsei.com\/tp2\/wordpress\/wp-content\/uploads\/2023\/05\/pexels-rasik-1416900-1024x768.jpg 1024w, https:\/\/0957120.cpsw-fcsei.com\/tp2\/wordpress\/wp-content\/uploads\/2023\/05\/pexels-rasik-1416900-768x576.jpg 768w, https:\/\/0957120.cpsw-fcsei.com\/tp2\/wordpress\/wp-content\/uploads\/2023\/05\/pexels-rasik-1416900-1536x1152.jpg 1536w, https:\/\/0957120.cpsw-fcsei.com\/tp2\/wordpress\/wp-content\/uploads\/2023\/05\/pexels-rasik-1416900-2048x1536.jpg 2048w\" sizes=\"auto, (max-width: 2560px) 100vw, 2560px\" \/><\/a><\/figure>\n\n<h2 class=\"wp-block-post-title\"><a href=\"https:\/\/0957120.cpsw-fcsei.com\/tp2\/wordpress\/2023\/05\/08\/rocheuses-canadiennes\/\" target=\"_self\" >Rocheuses canadiennes<\/a><\/h2>\n\n<div class=\"wp-block-post-date\"><time datetime=\"2023-05-08T13:42:02-04:00\">8 mai 2023<\/time><\/div>\n\n<div class=\"wp-block-post-excerpt\"><p class=\"wp-block-post-excerpt__excerpt\">Les Rocheuses canadiennes, \u00e9galement connues sous le nom de Rocky Mountains, sont une cha\u00eene de montagnes situ\u00e9e dans l&rsquo;Ouest du Canada, s&rsquo;\u00e9tendant sur plus de 4 800 km\u00b2, de la Colombie-Britannique \u00e0 l&rsquo;Alberta.<\/p><p class=\"wp-block-post-excerpt__more-text\"><a class=\"wp-block-post-excerpt__more-link\" href=\"https:\/\/0957120.cpsw-fcsei.com\/tp2\/wordpress\/2023\/05\/08\/rocheuses-canadiennes\/\">Voir plus [+]<\/a><\/p><\/div>\n<\/li><li class=\"wp-block-post post-46 post type-post status-publish format-standard has-post-thumbnail hentry category-voyage\">\n<figure class=\"wp-block-post-featured-image\"><a href=\"https:\/\/0957120.cpsw-fcsei.com\/tp2\/wordpress\/2023\/05\/08\/montagne-du-quebec\/\" target=\"_self\"  ><img loading=\"lazy\" decoding=\"async\" width=\"2560\" height=\"1707\" src=\"https:\/\/0957120.cpsw-fcsei.com\/tp2\/wordpress\/wp-content\/uploads\/2023\/05\/pexels-yaroslav-shuraev-4763809-scaled.jpg\" class=\"attachment-post-thumbnail size-post-thumbnail wp-post-image\" alt=\"Montagne du Qu\u00e9bec\" style=\"object-fit:cover;\" srcset=\"https:\/\/0957120.cpsw-fcsei.com\/tp2\/wordpress\/wp-content\/uploads\/2023\/05\/pexels-yaroslav-shuraev-4763809-scaled.jpg 2560w, https:\/\/0957120.cpsw-fcsei.com\/tp2\/wordpress\/wp-content\/uploads\/2023\/05\/pexels-yaroslav-shuraev-4763809-300x200.jpg 300w, https:\/\/0957120.cpsw-fcsei.com\/tp2\/wordpress\/wp-content\/uploads\/2023\/05\/pexels-yaroslav-shuraev-4763809-1024x683.jpg 1024w, https:\/\/0957120.cpsw-fcsei.com\/tp2\/wordpress\/wp-content\/uploads\/2023\/05\/pexels-yaroslav-shuraev-4763809-768x512.jpg 768w, https:\/\/0957120.cpsw-fcsei.com\/tp2\/wordpress\/wp-content\/uploads\/2023\/05\/pexels-yaroslav-shuraev-4763809-1536x1024.jpg 1536w, https:\/\/0957120.cpsw-fcsei.com\/tp2\/wordpress\/wp-content\/uploads\/2023\/05\/pexels-yaroslav-shuraev-4763809-2048x1365.jpg 2048w\" sizes=\"auto, (max-width: 2560px) 100vw, 2560px\" \/><\/a><\/figure>\n\n<h2 class=\"wp-block-post-title\"><a href=\"https:\/\/0957120.cpsw-fcsei.com\/tp2\/wordpress\/2023\/05\/08\/montagne-du-quebec\/\" target=\"_self\" >Montagne du Qu\u00e9bec<\/a><\/h2>\n\n<div class=\"wp-block-post-date\"><time datetime=\"2023-05-08T13:19:38-04:00\">8 mai 2023<\/time><\/div>\n\n<div class=\"wp-block-post-excerpt\"><p class=\"wp-block-post-excerpt__excerpt\">Les montagnes du Qu\u00e9bec se trouvent dans la r\u00e9gion des Laurentides, une cha\u00eene de montagnes situ\u00e9e dans la partie sud de la province du Qu\u00e9bec, au Canada. Cette r\u00e9gion montagneuse s&rsquo;\u00e9tend sur environ 600 km et est caract\u00e9ris\u00e9e par des sommets escarp\u00e9s, des lacs cristallins, des rivi\u00e8res tumultueuses, une for\u00eat dense et une faune diversifi\u00e9e.<\/p><p class=\"wp-block-post-excerpt__more-text\"><a class=\"wp-block-post-excerpt__more-link\" href=\"https:\/\/0957120.cpsw-fcsei.com\/tp2\/wordpress\/2023\/05\/08\/montagne-du-quebec\/\">Voir plus [+]<\/a><\/p><\/div>\n<\/li><\/ul>\n\n<\/div>\n","protected":false},"excerpt":{"rendered":"","protected":false},"author":1,"featured_media":0,"parent":0,"menu_order":0,"comment_status":"closed","ping_status":"closed","template":"","meta":{"sfsi_plus_gutenberg_text_before_share":"","sfsi_plus_gutenberg_show_text_before_share":"","sfsi_plus_gutenberg_icon_type":"","sfsi_plus_gutenberg_icon_alignemt":"","sfsi_plus_gutenburg_max_per_row":"","footnotes":""},"class_list":["post-10","page","type-page","status-publish","hentry"],"_links":{"self":[{"href":"https:\/\/0957120.cpsw-fcsei.com\/tp2\/wordpress\/wp-json\/wp\/v2\/pages\/10","targetHints":{"allow":["GET"]}}],"collection":[{"href":"https:\/\/0957120.cpsw-fcsei.com\/tp2\/wordpress\/wp-json\/wp\/v2\/pages"}],"about":[{"href":"https:\/\/0957120.cpsw-fcsei.com\/tp2\/wordpress\/wp-json\/wp\/v2\/types\/page"}],"author":[{"embeddable":true,"href":"https:\/\/0957120.cpsw-fcsei.com\/tp2\/wordpress\/wp-json\/wp\/v2\/users\/1"}],"replies":[{"embeddable":true,"href":"https:\/\/0957120.cpsw-fcsei.com\/tp2\/wordpress\/wp-json\/wp\/v2\/comments?post=10"}],"version-history":[{"count":11,"href":"https:\/\/0957120.cpsw-fcsei.com\/tp2\/wordpress\/wp-json\/wp\/v2\/pages\/10\/revisions"}],"predecessor-version":[{"id":67,"href":"https:\/\/0957120.cpsw-fcsei.com\/tp2\/wordpress\/wp-json\/wp\/v2\/pages\/10\/revisions\/67"}],"wp:attachment":[{"href":"https:\/\/0957120.cpsw-fcsei.com\/tp2\/wordpress\/wp-json\/wp\/v2\/media?parent=10"}],"curies":[{"name":"wp","href":"https:\/\/api.w.org\/{rel}","templated":true}]}}